{"id":46,"date":"2019-07-23T16:35:59","date_gmt":"2019-07-23T14:35:59","guid":{"rendered":"http:\/\/paniersirigny.fr\/?page_id=46"},"modified":"2023-08-30T16:04:54","modified_gmt":"2023-08-30T14:04:54","slug":"produits-gas","status":"publish","type":"page","link":"https:\/\/paniersirigny.fr\/index.php\/produits-gas\/","title":{"rendered":"Produits en GAS"},"content":{"rendered":"\n<p>Aux Paniers d\u2019Irigny, nous avons \u00e9tabli des partenariats avec diff\u00e9rents paysans et artisans, ce qui nous permet de vous proposer un large choix de produits en GAS (Achats Group\u00e9s). Vous pouvez d\u00e9couvrir sur cette page toutes les structures qui fonctionnent en GAS avec notre association. Cliquez sur le nom du paysan ou artisan pour d\u00e9couvrir une description de sa structure et de ses produits.<\/p>\n\n\n<p><!--StartFragment--><\/p>\n\n\n<p class=\"has-text-color\" style=\"color:#a5cf8e;font-size:25px\"><strong>Viandes<\/strong><\/p>\n\n\n\n<div class=\"wp-block-media-text alignwide has-media-on-the-right is-stacked-on-mobile\" style=\"grid-template-columns:auto 23%\"><div class=\"wp-block-media-text__content\">\n<p class=\"has-medium-font-size\"><strong>Viande de b\u0153uf et de veau<\/strong><\/p>\n\n\n\n<p><strong><a href=\"http:\/\/paniersirigny.fr\/index.php\/boeuf-veau-bio\/\">GAEC du M\u00fbrier<\/a><\/strong><br>42800 St Joseph, \u00e0 30 km de l&#8217;AMAP<\/p>\n\n\n\n<ul class=\"wp-block-list\">\n<li>Cagettes de b\u0153uf frais (Salers), cagettes de veau. <\/li>\n\n\n\n<li>Pi\u00e8ces congel\u00e9es&nbsp;: c\u00f4tes, entrec\u00f4tes, steaks hach\u00e9s.  <\/li>\n\n\n\n<li>certifi\u00e9 Agriculture Biologique<\/li>\n\n\n\n<li>5 \u00e0 6 commandes group\u00e9es par an<\/li>\n<\/ul>\n<\/div><figure class=\"wp-block-media-text__media\"><img loading=\"lazy\" decoding=\"async\" width=\"737\" height=\"730\" src=\"http:\/\/paniersirigny.fr\/wp-content\/uploads\/2019\/08\/veau.png\" alt=\"\" class=\"wp-image-734 size-full\" srcset=\"https:\/\/paniersirigny.fr\/wp-content\/uploads\/2019\/08\/veau.png 737w, https:\/\/paniersirigny.fr\/wp-content\/uploads\/2019\/08\/veau-150x150.png 150w, https:\/\/paniersirigny.fr\/wp-content\/uploads\/2019\/08\/veau-300x297.png 300w\" sizes=\"auto, (max-width: 737px) 100vw, 737px\" \/><\/figure><\/div>\n\n\n\n<div class=\"wp-block-media-text alignwide has-media-on-the-right is-stacked-on-mobile\" style=\"grid-template-columns:auto 23%\"><div class=\"wp-block-media-text__content\">\n<p class=\"has-medium-font-size\"><strong>Viande de canard<\/strong><\/p>\n\n\n\n<p><strong><a href=\"http:\/\/paniersirigny.fr\/index.php\/canard\/\">Terres d&#8217;Adour<\/a><\/strong><br>40360 Donzacq, \u00e0 722 km de l&#8217;AMAP<\/p>\n\n\n\n<ul class=\"wp-block-list\">\n<li>Foies gras, blocs de foie gras, magrets, confits, cuisses, g\u00e9siers, etc.    <\/li>\n\n\n\n<li>groupement de producteurs de l&#8217;Adour qui vendent en circuit-court<\/li>\n\n\n\n<li>1 commande group\u00e9e par an<\/li>\n<\/ul>\n<\/div><figure class=\"wp-block-media-text__media\"><img loading=\"lazy\" decoding=\"async\" width=\"1024\" height=\"683\" src=\"http:\/\/paniersirigny.fr\/wp-content\/uploads\/2019\/08\/13112946_814757898655962_7560803160251661070_o-1024x683.jpg\" alt=\"\" class=\"wp-image-631 size-full\" srcset=\"https:\/\/paniersirigny.fr\/wp-content\/uploads\/2019\/08\/13112946_814757898655962_7560803160251661070_o-1024x683.jpg 1024w, https:\/\/paniersirigny.fr\/wp-content\/uploads\/2019\/08\/13112946_814757898655962_7560803160251661070_o-300x200.jpg 300w, https:\/\/paniersirigny.fr\/wp-content\/uploads\/2019\/08\/13112946_814757898655962_7560803160251661070_o-768x512.jpg 768w, https:\/\/paniersirigny.fr\/wp-content\/uploads\/2019\/08\/13112946_814757898655962_7560803160251661070_o.jpg 2048w\" sizes=\"auto, (max-width: 1024px) 100vw, 1024px\" \/><\/figure><\/div>\n\n\n\n<p class=\"has-text-color\" style=\"color:#a5cf8e;font-size:25px\"><strong>\u00c9picerie sucr\u00e9e \/ sal\u00e9e<\/strong><\/p>\n\n\n\n<div class=\"wp-block-media-text alignwide has-media-on-the-right is-stacked-on-mobile\" style=\"grid-template-columns:auto 26%\"><div class=\"wp-block-media-text__content\">\n<p class=\"has-medium-font-size\"><strong>Huiles et lentilles<\/strong><\/p>\n\n\n\n<p><strong><a href=\"http:\/\/paniersirigny.fr\/index.php\/huiles-lentilles\/\">GAEC Maras<\/a><\/strong><br>38200 Serpaize, \u00e0 23 km de l&#8217;AMAP<\/p>\n\n\n\n<ul class=\"wp-block-list\">\n<li>Lentilles, farine de lentilles<\/li>\n\n\n\n<li>Huile de colza, huile de tournesol, huile de cameline <\/li>\n\n\n\n<li>certifi\u00e9 en Agriculture Biologique<\/li>\n\n\n\n<li>3 \u00e0 4 commandes group\u00e9es par an<\/li>\n<\/ul>\n<\/div><figure class=\"wp-block-media-text__media\"><img loading=\"lazy\" decoding=\"async\" width=\"900\" height=\"600\" src=\"http:\/\/paniersirigny.fr\/wp-content\/uploads\/2019\/08\/moulin-julien.jpg\" alt=\"\" class=\"wp-image-671 size-full\" srcset=\"https:\/\/paniersirigny.fr\/wp-content\/uploads\/2019\/08\/moulin-julien.jpg 900w, https:\/\/paniersirigny.fr\/wp-content\/uploads\/2019\/08\/moulin-julien-300x200.jpg 300w, https:\/\/paniersirigny.fr\/wp-content\/uploads\/2019\/08\/moulin-julien-768x512.jpg 768w\" sizes=\"auto, (max-width: 900px) 100vw, 900px\" \/><\/figure><\/div>\n\n\n\n<div class=\"wp-block-media-text alignwide has-media-on-the-right is-stacked-on-mobile\" style=\"grid-template-columns:auto 22%\"><div class=\"wp-block-media-text__content\">\n<p class=\"has-medium-font-size\"><strong>Huile d&#8217;olive<\/strong><\/p>\n\n\n\n<p><strong><a href=\"http:\/\/paniersirigny.fr\/index.php\/huile-olive-bio\/\">Almazara San Cristobal<\/a><\/strong><br>03409 Ca\u00f1ada, Alicante en ESPAGNE, \u00e0 1110 km de l&#8217;AMAP<\/p>\n\n\n\n<ul class=\"wp-block-list\">\n<li>Huiles d\u2019olive vierge extra  : Baldona, Oro et huile verte. <\/li>\n\n\n\n<li>Huiles d&#8217;olive vierge extra aromatis\u00e9es \u00e0 l\u2019orange ou au romarin. <\/li>\n\n\n\n<li>certifi\u00e9 en Agriculture Biologique, label europ\u00e9en<\/li>\n\n\n\n<li>2 commandes group\u00e9es par an<\/li>\n<\/ul>\n<\/div><figure class=\"wp-block-media-text__media\"><img loading=\"lazy\" decoding=\"async\" width=\"600\" height=\"600\" src=\"http:\/\/paniersirigny.fr\/wp-content\/uploads\/2019\/08\/aceite-oliva-ecologico-familiar-baldona.jpg\" alt=\"\" class=\"wp-image-662 size-full\" srcset=\"https:\/\/paniersirigny.fr\/wp-content\/uploads\/2019\/08\/aceite-oliva-ecologico-familiar-baldona.jpg 600w, https:\/\/paniersirigny.fr\/wp-content\/uploads\/2019\/08\/aceite-oliva-ecologico-familiar-baldona-150x150.jpg 150w, https:\/\/paniersirigny.fr\/wp-content\/uploads\/2019\/08\/aceite-oliva-ecologico-familiar-baldona-300x300.jpg 300w, https:\/\/paniersirigny.fr\/wp-content\/uploads\/2019\/08\/aceite-oliva-ecologico-familiar-baldona-230x230.jpg 230w, https:\/\/paniersirigny.fr\/wp-content\/uploads\/2019\/08\/aceite-oliva-ecologico-familiar-baldona-365x365.jpg 365w\" sizes=\"auto, (max-width: 600px) 100vw, 600px\" \/><\/figure><\/div>\n\n\n\n<div class=\"wp-block-media-text alignwide has-media-on-the-right is-stacked-on-mobile\" style=\"grid-template-columns:auto 22%\"><div class=\"wp-block-media-text__content\">\n<p class=\"has-medium-font-size\"><strong>\u00c9picerie \u00e9thique et Bio<\/strong><\/p>\n\n\n\n<p><strong><a href=\"http:\/\/paniersirigny.fr\/index.php\/epicerie-ethique-bio\/\">Artisans du mo<\/a><a href=\"http:\/\/paniersirigny.fr\/index.php\/epicerie-ethique-et-bio-artisans-du-monde\/\">nde<\/a><\/strong><br>fili\u00e8re int\u00e9gr\u00e9e de commerce \u00e9quitable<\/p>\n\n\n\n<ul class=\"wp-block-list\">\n<li>Chips, \u00e9pices, condiments, sucre, c\u00e9r\u00e9ales (quinoa, riz, p\u00e2tes, couscous), huile et lait de coco <\/li>\n\n\n\n<li>chocolat, bonbons, biscuits, fruits secs, confitures, p\u00e2te \u00e0 tartiner   <\/li>\n\n\n\n<li>Th\u00e9, infusions, Jus de fruits exotiques, cola, p\u00e9tillant, limonade, rhum<\/li>\n\n\n\n<li>garantie \u201cOrganisations de Commerce \u00c9quitable\u201d par la WFTO ou par Fairtrade International<\/li>\n\n\n\n<li>produits certifi\u00e9s en Agriculture Biologique<\/li>\n\n\n\n<li>3 commandes group\u00e9es par an<\/li>\n<\/ul>\n<\/div><figure class=\"wp-block-media-text__media\"><img loading=\"lazy\" decoding=\"async\" width=\"600\" height=\"600\" src=\"http:\/\/paniersirigny.fr\/wp-content\/uploads\/2019\/08\/Produits-ADM.jpg\" alt=\"\" class=\"wp-image-682 size-full\" srcset=\"https:\/\/paniersirigny.fr\/wp-content\/uploads\/2019\/08\/Produits-ADM.jpg 600w, https:\/\/paniersirigny.fr\/wp-content\/uploads\/2019\/08\/Produits-ADM-150x150.jpg 150w, https:\/\/paniersirigny.fr\/wp-content\/uploads\/2019\/08\/Produits-ADM-300x300.jpg 300w, https:\/\/paniersirigny.fr\/wp-content\/uploads\/2019\/08\/Produits-ADM-230x230.jpg 230w, https:\/\/paniersirigny.fr\/wp-content\/uploads\/2019\/08\/Produits-ADM-365x365.jpg 365w\" sizes=\"auto, (max-width: 600px) 100vw, 600px\" \/><\/figure><\/div>\n\n\n\n<div class=\"wp-block-media-text alignwide has-media-on-the-right is-stacked-on-mobile\" style=\"grid-template-columns:auto 15%\"><div class=\"wp-block-media-text__content\">\n<p class=\"has-medium-font-size\"><strong>Produits de la ch\u00e2taigne<\/strong><\/p>\n\n\n\n<p><strong><a href=\"https:\/\/paniersirigny.fr\/index.php\/chataigne-cuirs-fruits\/\" data-type=\"page\" data-id=\"66\">L&#8217;Art des ch\u00e2taignes<\/a><\/strong><br>07530 Aizac, \u00e0 176 km de l&#8217;AMAP<\/p>\n\n\n\n<ul class=\"wp-block-list\">\n<li>Pur\u00e9e de ch\u00e2taignes, cr\u00e8me de marron, marrons au naturel<\/li>\n\n\n\n<li>Sirop de ch\u00e2taignes, farine et brisures de ch\u00e2taignes<\/li>\n\n\n\n<li>En saison : ch\u00e2taignes fra\u00eeches et marrons glac\u00e9s <\/li>\n\n\n\n<li>1 \u00e0 2 commandes group\u00e9es par an<\/li>\n<\/ul>\n<\/div><figure class=\"wp-block-media-text__media\"><img loading=\"lazy\" decoding=\"async\" width=\"1024\" height=\"683\" src=\"https:\/\/paniersirigny.fr\/wp-content\/uploads\/2022\/09\/P_Citron-Gingembre-1024x683.jpg\" alt=\"\" class=\"wp-image-1144 size-full\" srcset=\"https:\/\/paniersirigny.fr\/wp-content\/uploads\/2022\/09\/P_Citron-Gingembre-1024x683.jpg 1024w, https:\/\/paniersirigny.fr\/wp-content\/uploads\/2022\/09\/P_Citron-Gingembre-300x200.jpg 300w, https:\/\/paniersirigny.fr\/wp-content\/uploads\/2022\/09\/P_Citron-Gingembre-768x512.jpg 768w, https:\/\/paniersirigny.fr\/wp-content\/uploads\/2022\/09\/P_Citron-Gingembre-1536x1024.jpg 1536w, https:\/\/paniersirigny.fr\/wp-content\/uploads\/2022\/09\/P_Citron-Gingembre-2048x1365.jpg 2048w\" sizes=\"auto, (max-width: 1024px) 100vw, 1024px\" \/><\/figure><\/div>\n\n\n\n<div class=\"wp-block-media-text alignwide has-media-on-the-right is-stacked-on-mobile\" style=\"grid-template-columns:auto 15%\"><div class=\"wp-block-media-text__content\">\n<p class=\"has-medium-font-size\"><strong>Noix<\/strong><\/p>\n\n\n\n<p><strong><a href=\"https:\/\/www.fermeduchateauvaracieux.com\/\" data-type=\"page\">La Ferme du ch\u00e2teau de Varacieux<\/a><\/strong><br>38470 Varacieux, \u00e0 110 km de l&#8217;AMAP<\/p>\n\n\n\n<ul class=\"wp-block-list\">\n<li>Noix, huile et farine de noix<\/li>\n\n\n\n<li>produits certifi\u00e9s en Agriculture Biologique <\/li>\n\n\n\n<li>1 \u00e0 2 commandes group\u00e9es par an<\/li>\n<\/ul>\n<\/div><figure class=\"wp-block-media-text__media\"><img loading=\"lazy\" decoding=\"async\" width=\"834\" height=\"625\" src=\"https:\/\/paniersirigny.fr\/wp-content\/uploads\/2022\/09\/3.jpg\" alt=\"\" class=\"wp-image-1171 size-full\" srcset=\"https:\/\/paniersirigny.fr\/wp-content\/uploads\/2022\/09\/3.jpg 834w, https:\/\/paniersirigny.fr\/wp-content\/uploads\/2022\/09\/3-300x225.jpg 300w, https:\/\/paniersirigny.fr\/wp-content\/uploads\/2022\/09\/3-768x576.jpg 768w\" sizes=\"auto, (max-width: 834px) 100vw, 834px\" \/><\/figure><\/div>\n\n\n\n<div class=\"wp-block-media-text alignwide has-media-on-the-right is-stacked-on-mobile\" style=\"grid-template-columns:auto 15%\"><div class=\"wp-block-media-text__content\">\n<p class=\"has-medium-font-size\"><strong>Produits issus de plantes aromatiques et m\u00e9dicinales<\/strong><\/p>\n\n\n\n<p><strong><a href=\"https:\/\/www.facebook.com\/racinesetplantes\/\">Racines et Plantes<\/a><\/strong><br>69230 St Genis Laval, \u00e0 quelques km de l&#8217;AMAP<\/p>\n\n\n\n<ul class=\"wp-block-list\">\n<li>Pesto \u00e0 l&#8217;ail des Ours, tartinades v\u00e9g\u00e9tales, Infusions, herbes aromatiques s\u00e8ches, Huile essentielle, Sirops artisanaux floraux, Confitures de fruits sauvages, la myrtille et l&#8217;\u00e9glantine (Cynorrhodon)<\/li>\n\n\n\n<li>4 \u00e0 6 commandes group\u00e9es par an<\/li>\n<\/ul>\n<\/div><figure class=\"wp-block-media-text__media\"><img loading=\"lazy\" decoding=\"async\" width=\"436\" height=\"430\" src=\"https:\/\/paniersirigny.fr\/wp-content\/uploads\/2021\/07\/Capture.jpg\" alt=\"\" class=\"wp-image-1127 size-full\" srcset=\"https:\/\/paniersirigny.fr\/wp-content\/uploads\/2021\/07\/Capture.jpg 436w, https:\/\/paniersirigny.fr\/wp-content\/uploads\/2021\/07\/Capture-300x296.jpg 300w\" sizes=\"auto, (max-width: 436px) 100vw, 436px\" \/><\/figure><\/div>\n\n\n\n<div class=\"wp-block-media-text alignwide has-media-on-the-right is-stacked-on-mobile\" style=\"grid-template-columns:auto 20%\"><div class=\"wp-block-media-text__content\">\n<p class=\"has-medium-font-size\"><strong>Glaces artisanales et b\u00fbches glac\u00e9es<\/strong><\/p>\n\n\n\n<p><strong><a href=\"http:\/\/paniersirigny.fr\/index.php\/glaces-bio\/\">L&#8217;\u00e9table glac\u00e9e<\/a><\/strong><br>69610 Souzy, \u00e0 37 km de l&#8217;AMAP<\/p>\n\n\n\n<ul class=\"wp-block-list\">\n<li>Glaces artisanales \u00e0 partir du lait bio de la ferme.<\/li>\n\n\n\n<li>B\u00fbches glac\u00e9es \u00e0 No\u00ebl   <\/li>\n\n\n\n<li>certifi\u00e9 en Agriculture Biologique<\/li>\n\n\n\n<li>2 commandes group\u00e9es par an<\/li>\n<\/ul>\n<\/div><figure class=\"wp-block-media-text__media\"><img loading=\"lazy\" decoding=\"async\" width=\"667\" height=\"500\" src=\"https:\/\/paniersirigny.fr\/wp-content\/uploads\/2022\/09\/LEtable-Glacee-00119.jpg\" alt=\"\" class=\"wp-image-1154 size-full\" srcset=\"https:\/\/paniersirigny.fr\/wp-content\/uploads\/2022\/09\/LEtable-Glacee-00119.jpg 667w, https:\/\/paniersirigny.fr\/wp-content\/uploads\/2022\/09\/LEtable-Glacee-00119-300x225.jpg 300w\" sizes=\"auto, (max-width: 667px) 100vw, 667px\" \/><\/figure><\/div>\n\n\n\n<div class=\"wp-block-media-text alignwide has-media-on-the-right is-stacked-on-mobile\" style=\"grid-template-columns:auto 16%\"><div class=\"wp-block-media-text__content\">\n<p class=\"has-medium-font-size\"><strong>Miel<\/strong><\/p>\n\n\n\n<p><strong><a href=\"http:\/\/paniersirigny.fr\/index.php\/miel\/\">Ruchers des Coteaux<\/a><\/strong><br>69530 Orli\u00e9nas, \u00e0 11 km de l&#8217;AMAP<\/p>\n\n\n\n<ul class=\"wp-block-list\">\n<li>Miel d&#8217;acacia, de ch\u00e2taigniers, etc.<\/li>\n\n\n\n<li>pratique une apiculture raisonn\u00e9e<\/li>\n\n\n\n<li>3 \u00e0 4 commandes group\u00e9es par an<\/li>\n<\/ul>\n\n\n\n<p><\/p>\n<\/div><figure class=\"wp-block-media-text__media\"><img loading=\"lazy\" decoding=\"async\" width=\"720\" height=\"960\" src=\"http:\/\/paniersirigny.fr\/wp-content\/uploads\/2019\/08\/66524224_1001473480244170_4188964496657612800_n.jpg\" alt=\"\" class=\"wp-image-701 size-full\" srcset=\"https:\/\/paniersirigny.fr\/wp-content\/uploads\/2019\/08\/66524224_1001473480244170_4188964496657612800_n.jpg 720w, https:\/\/paniersirigny.fr\/wp-content\/uploads\/2019\/08\/66524224_1001473480244170_4188964496657612800_n-225x300.jpg 225w\" sizes=\"auto, (max-width: 720px) 100vw, 720px\" \/><\/figure><\/div>\n\n\n\n<p class=\"has-text-color\" style=\"color:#a5cf8e;font-size:25px\"><strong>Boissons<\/strong><\/p>\n\n\n\n<div class=\"wp-block-media-text alignwide has-media-on-the-right is-stacked-on-mobile\" style=\"grid-template-columns:auto 19%\"><div class=\"wp-block-media-text__content\">\n<p class=\"has-medium-font-size\"><strong>Caf\u00e9<\/strong><\/p>\n\n\n\n<p><strong><a href=\"http:\/\/paniersirigny.fr\/index.php\/cafe-bio\/\">Label(le) Br\u00fblerie<\/a><\/strong><br>69100 Villeurbanne, \u00e0 19 km de l&#8217;AMAP<\/p>\n\n\n\n<ul class=\"wp-block-list\">\n<li> Caf\u00e9s d\u2019\u00c9thiopie, du P\u00e9rou, du Guatemala et de Colombie, en grains ou moulu, torr\u00e9fi\u00e9s toutes les semaines<\/li>\n\n\n\n<li>certifi\u00e9s en Agriculture Biologique et issus de fili\u00e8res du commerce \u00e9quitable<\/li>\n\n\n\n<li>commandes group\u00e9es tous les 2 mois<\/li>\n<\/ul>\n\n\n\n<p><\/p>\n<\/div><figure class=\"wp-block-media-text__media\"><img loading=\"lazy\" decoding=\"async\" width=\"1024\" height=\"666\" src=\"http:\/\/paniersirigny.fr\/wp-content\/uploads\/2019\/08\/LBB-gamme-1024x666.jpg\" alt=\"\" class=\"wp-image-622 size-full\" srcset=\"https:\/\/paniersirigny.fr\/wp-content\/uploads\/2019\/08\/LBB-gamme-1024x666.jpg 1024w, https:\/\/paniersirigny.fr\/wp-content\/uploads\/2019\/08\/LBB-gamme-300x195.jpg 300w, https:\/\/paniersirigny.fr\/wp-content\/uploads\/2019\/08\/LBB-gamme-768x500.jpg 768w, https:\/\/paniersirigny.fr\/wp-content\/uploads\/2019\/08\/LBB-gamme.jpg 1600w\" sizes=\"auto, (max-width: 1024px) 100vw, 1024px\" \/><\/figure><\/div>\n\n\n\n<div class=\"wp-block-media-text alignwide has-media-on-the-right is-stacked-on-mobile\" style=\"grid-template-columns:auto 23%\"><div class=\"wp-block-media-text__content\">\n<p class=\"has-medium-font-size\"><strong>Vins<\/strong><\/p>\n\n\n\n<p><strong><a href=\"http:\/\/paniersirigny.fr\/index.php\/vin-bio\/\">Les D\u00e9plaude de Tartaras<\/a><\/strong><br>42800 Tartaras, \u00e0 25 km de l&#8217;AMAP<\/p>\n\n\n\n<ul class=\"wp-block-list\">\n<li>Vins rouges et ros\u00e9s (Pinot, Syrah, Gamay, Mornen)<\/li>\n\n\n\n<li>Vins blancs (viognier, marsanne, chardonnay&#8230;) <\/li>\n\n\n\n<li>IGP Collines Rhodaniennes  <\/li>\n\n\n\n<li>certifi\u00e9s en Agriculture Biologique D\u00e9m\u00e9ter<\/li>\n\n\n\n<li>2 \u00e0 3 commandes group\u00e9es par an<\/li>\n<\/ul>\n<\/div><figure class=\"wp-block-media-text__media\"><img loading=\"lazy\" decoding=\"async\" width=\"775\" height=\"960\" src=\"http:\/\/paniersirigny.fr\/wp-content\/uploads\/2019\/08\/28468587_1624479584339599_758254189523501056_n-1.jpg\" alt=\"\" class=\"wp-image-713 size-full\" srcset=\"https:\/\/paniersirigny.fr\/wp-content\/uploads\/2019\/08\/28468587_1624479584339599_758254189523501056_n-1.jpg 775w, https:\/\/paniersirigny.fr\/wp-content\/uploads\/2019\/08\/28468587_1624479584339599_758254189523501056_n-1-242x300.jpg 242w, https:\/\/paniersirigny.fr\/wp-content\/uploads\/2019\/08\/28468587_1624479584339599_758254189523501056_n-1-768x951.jpg 768w\" sizes=\"auto, (max-width: 775px) 100vw, 775px\" \/><\/figure><\/div>\n\n\n\n<div class=\"wp-block-media-text alignwide has-media-on-the-right is-stacked-on-mobile\" style=\"grid-template-columns:auto 23%\"><div class=\"wp-block-media-text__content\">\n<p class=\"has-medium-font-size\"><strong>Bi\u00e8res<\/strong><\/p>\n\n\n\n<p><strong><a href=\"http:\/\/www.fermedelaquintilliere.com\/\">Ferme de la Quintilli\u00e8re<\/a><\/strong><br>69440 St Maurice sur Dargoire, \u00e0 22 km de l&#8217;AMAP<\/p>\n\n\n\n<ul class=\"wp-block-list\">\n<li>Bi\u00e8res Busard : blanches, blondes, ambr\u00e9es, sp\u00e9ciales  <\/li>\n\n\n\n<li>Bi\u00e8res artisanales int\u00e9gralement constitu\u00e9es de c\u00e9r\u00e9ales de la ferme.<\/li>\n\n\n\n<li>Paysan brasseur<\/li>\n\n\n\n<li>1 \u00e0 3 commandes group\u00e9es par an<\/li>\n<\/ul>\n<\/div><figure class=\"wp-block-media-text__media\"><img loading=\"lazy\" decoding=\"async\" width=\"1024\" height=\"682\" src=\"https:\/\/paniersirigny.fr\/wp-content\/uploads\/2022\/09\/15403711_346689225696281_1221084914887062746_o-1024x682.jpg\" alt=\"\" class=\"wp-image-1163 size-full\" srcset=\"https:\/\/paniersirigny.fr\/wp-content\/uploads\/2022\/09\/15403711_346689225696281_1221084914887062746_o-1024x682.jpg 1024w, https:\/\/paniersirigny.fr\/wp-content\/uploads\/2022\/09\/15403711_346689225696281_1221084914887062746_o-300x200.jpg 300w, https:\/\/paniersirigny.fr\/wp-content\/uploads\/2022\/09\/15403711_346689225696281_1221084914887062746_o-768x511.jpg 768w, https:\/\/paniersirigny.fr\/wp-content\/uploads\/2022\/09\/15403711_346689225696281_1221084914887062746_o-1536x1022.jpg 1536w, https:\/\/paniersirigny.fr\/wp-content\/uploads\/2022\/09\/15403711_346689225696281_1221084914887062746_o.jpg 2048w\" sizes=\"auto, (max-width: 1024px) 100vw, 1024px\" \/><\/figure><\/div>\n\n\n\n<p class=\"has-text-color\" style=\"color:#a5cf8e;font-size:25px\"><strong>Autres produits artisanaux<\/strong><\/p>\n\n\n\n<div class=\"wp-block-media-text alignwide has-media-on-the-right is-stacked-on-mobile\" style=\"grid-template-columns:auto 16%\"><div class=\"wp-block-media-text__content\">\n<p class=\"has-medium-font-size\"><strong>Savons<\/strong><\/p>\n\n\n\n<p><strong><a href=\"http:\/\/paniersirigny.fr\/index.php\/savons-bio\/\">Savonnerie du Pilat<\/a><\/strong><br>42410 P\u00e9lussin, \u00e0 52 km de l&#8217;AMAP<\/p>\n\n\n\n<ul class=\"wp-block-list\">\n<li>Savons artisanaux, Shampoings solides, Saponification \u00e0 froid.    <\/li>\n\n\n\n<li>certifi\u00e9s Nature et Progr\u00e8s avec 100&nbsp;% des ingr\u00e9dients v\u00e9g\u00e9taux certifi\u00e9s biologiques<\/li>\n\n\n\n<li>3 \u00e0 4 commandes group\u00e9es par an<\/li>\n<\/ul>\n<\/div><figure class=\"wp-block-media-text__media\"><img loading=\"lazy\" decoding=\"async\" width=\"1024\" height=\"768\" src=\"http:\/\/paniersirigny.fr\/wp-content\/uploads\/2019\/08\/24291877_859159297586215_6373567767865419290_o-1024x768.jpg\" alt=\"\" class=\"wp-image-719 size-full\" srcset=\"https:\/\/paniersirigny.fr\/wp-content\/uploads\/2019\/08\/24291877_859159297586215_6373567767865419290_o-1024x768.jpg 1024w, https:\/\/paniersirigny.fr\/wp-content\/uploads\/2019\/08\/24291877_859159297586215_6373567767865419290_o-300x225.jpg 300w, https:\/\/paniersirigny.fr\/wp-content\/uploads\/2019\/08\/24291877_859159297586215_6373567767865419290_o-768x576.jpg 768w, https:\/\/paniersirigny.fr\/wp-content\/uploads\/2019\/08\/24291877_859159297586215_6373567767865419290_o.jpg 2048w\" sizes=\"auto, (max-width: 1024px) 100vw, 1024px\" \/><\/figure><\/div>\n","protected":false},"excerpt":{"rendered":"<p>Aux Paniers d\u2019Irigny, nous avons \u00e9tabli des partenariats avec diff\u00e9rents paysans et artisans, ce qui nous permet de vous proposer un large choix de produits en GAS (Achats Group\u00e9s). Vous pouvez d\u00e9couvrir sur cette page toutes les structures qui fonctionnent<\/p>\n","protected":false},"author":1,"featured_media":0,"parent":0,"menu_order":0,"comment_status":"closed","ping_status":"closed","template":"","meta":{"footnotes":""},"class_list":["post-46","page","type-page","status-publish","hentry"],"_links":{"self":[{"href":"https:\/\/paniersirigny.fr\/index.php\/wp-json\/wp\/v2\/pages\/46","targetHints":{"allow":["GET"]}}],"collection":[{"href":"https:\/\/paniersirigny.fr\/index.php\/wp-json\/wp\/v2\/pages"}],"about":[{"href":"https:\/\/paniersirigny.fr\/index.php\/wp-json\/wp\/v2\/types\/page"}],"author":[{"embeddable":true,"href":"https:\/\/paniersirigny.fr\/index.php\/wp-json\/wp\/v2\/users\/1"}],"replies":[{"embeddable":true,"href":"https:\/\/paniersirigny.fr\/index.php\/wp-json\/wp\/v2\/comments?post=46"}],"version-history":[{"count":37,"href":"https:\/\/paniersirigny.fr\/index.php\/wp-json\/wp\/v2\/pages\/46\/revisions"}],"predecessor-version":[{"id":1217,"href":"https:\/\/paniersirigny.fr\/index.php\/wp-json\/wp\/v2\/pages\/46\/revisions\/1217"}],"wp:attachment":[{"href":"https:\/\/paniersirigny.fr\/index.php\/wp-json\/wp\/v2\/media?parent=46"}],"curies":[{"name":"wp","href":"https:\/\/api.w.org\/{rel}","templated":true}]}}