{"id":131,"date":"2019-07-26T15:01:33","date_gmt":"2019-07-26T13:01:33","guid":{"rendered":"http:\/\/paniersirigny.fr\/?page_id=131"},"modified":"2023-08-30T15:56:55","modified_gmt":"2023-08-30T13:56:55","slug":"equipe","status":"publish","type":"page","link":"https:\/\/paniersirigny.fr\/index.php\/equipe\/","title":{"rendered":"Notre \u00e9quipe"},"content":{"rendered":"\n<p>Notre Conseil d\u2019Administration est constitu\u00e9 par&nbsp;le bureau et les r\u00e9f\u00e9rents.<\/p>\n\n\n\n<p><strong>Membres du bureau&nbsp;:&nbsp;<\/strong><\/p>\n\n\n\n<figure class=\"wp-block-table\"><table><tbody><tr><td>\n  <strong>Pr\u00e9sidente<\/strong>\n  <\/td><td>   &nbsp;Bel\u00e9n GARCIA JIMENEZ  <\/td><\/tr><tr><td>\n  <strong>Vice-pr\u00e9sident<\/strong>\n  <\/td><td>   &nbsp;Jean-Fran\u00e7ois BAUDIN   <\/td><\/tr><tr><td>\n  <strong>Secr\u00e9taire<\/strong>\n  <\/td><td>   \u00a0Fr\u00e9d\u00e9rique NATU   <\/td><\/tr><tr><td>   <strong>Tr\u00e9sorier <\/strong><\/td><td>   \u00a0Herv\u00e9 RICHE   <\/td><\/tr><\/tbody><\/table><\/figure>\n\n\n<div class=\"wp-block-image\">\n<figure class=\"aligncenter is-resized\"><img loading=\"lazy\" decoding=\"async\" src=\"http:\/\/paniersirigny.fr\/wp-content\/uploads\/2019\/09\/equipe-1024x318.png\" alt=\"\" class=\"wp-image-989\" style=\"width:411px;height:128px\" width=\"411\" height=\"128\" srcset=\"https:\/\/paniersirigny.fr\/wp-content\/uploads\/2019\/09\/equipe-1024x318.png 1024w, https:\/\/paniersirigny.fr\/wp-content\/uploads\/2019\/09\/equipe-300x93.png 300w, https:\/\/paniersirigny.fr\/wp-content\/uploads\/2019\/09\/equipe-768x238.png 768w, https:\/\/paniersirigny.fr\/wp-content\/uploads\/2019\/09\/equipe.png 1911w\" sizes=\"auto, (max-width: 411px) 100vw, 411px\" \/><\/figure>\n<\/div>\n\n\n<p class=\"has-text-align-left\"><strong>Membres r\u00e9f\u00e9rents : &nbsp;<\/strong><\/p>\n\n\n\n<figure class=\"wp-block-table\"><table><tbody><tr><td>\n  <strong>Fruits<\/strong>\n  <\/td><td>   \u00a0Sabrina GAILLARD   <\/td><\/tr><tr><td>\n  <strong>L\u00e9gumes<\/strong>\n  <\/td><td>   &nbsp;Nadia GERBER   <\/td><\/tr><tr><td>\n  <strong>Pains<\/strong>\n  <\/td><td>    Monique BERMOND  <\/td><\/tr><tr><td>  <strong>Charcuterie \/ Fromage &nbsp;&nbsp;&nbsp;&nbsp; <\/strong><\/td><td>   &nbsp;Caroline MAGAND   <\/td><\/tr><tr><td>\n  <strong>Poissons<\/strong>\n  <\/td><td>   &nbsp;Alexandra LEMAIRE   <\/td><\/tr><tr><td>\n  <strong>Vins<\/strong>\n  <\/td><td>    Monique BERMOND<\/td><\/tr><tr><td>\n  <strong>Agrumes<\/strong>\n  <\/td><td>   \u00a0Nathalie et Olivier FARENEAU   <\/td><\/tr><tr><td>   <strong>Caf\u00e9  <\/strong><\/td><td>   \u00a0Fr\u00e9d\u00e9rique HOSTIN   <\/td><\/tr><tr><td>   <strong>Fromage de Ch\u00e8vre<\/strong><\/td><td>   Tessedre LEPERLIER<\/td><\/tr><tr><td>  <strong> Spiruline<\/strong><\/td><td>   Bel\u00e9n GARCIA JIMENEZ <\/td><\/tr><tr><td>   <strong>Biscuits<\/strong><\/td><td>   Nadia GERBER <\/td><\/tr><tr><td>   <strong>Artisans du Monde<\/strong><\/td><td>   Genevi\u00e8ve GIRAUDIER<\/td><\/tr><tr><td>   <strong>Miel<\/strong><\/td><td>   Karine ROYBIN<\/td><\/tr><tr><td>   <strong>Bi\u00e8res<\/strong><\/td><td>   Tessedre LEPERLIER<\/td><\/tr><tr><td>  <strong> Lentilles, Huiles, Viandes et Farines<\/strong><\/td><td>   &nbsp;Bel\u00e9n GARCIA JIMENEZ<\/td><\/tr><tr><td>   <strong>Tisanes et plantes<\/strong><\/td><td>    Fr\u00e9d\u00e9rique HOSTIN <\/td><\/tr><tr><td>   <strong>Ch\u00e2taignes<\/strong> <strong>et Noix<\/strong><\/td><td>    Marie-Claire PRIME<\/td><\/tr><tr><td>   <strong>Savons<\/strong><\/td><td>    Soizic BARABAS<\/td><\/tr><tr><td>   <strong>Glaces<\/strong><\/td><td>   \u00a0Bel\u00e9n GARCIA JIMENEZ<\/td><\/tr><tr><td>   <strong>Communication<\/strong>   <\/td><td>   \u00a0Martine SPITZ &amp; <br>    M\u00e9lanie GAYRARD   <\/td><\/tr><\/tbody><\/table><\/figure>\n\n\n\n<p><strong>Les r\u00e9f\u00e9rents <\/strong><\/p>\n\n\n\n<p>Les r\u00e9f\u00e9rents sont des adh\u00e9rents qui souhaitent s\u2019impliquer un peu plus dans l\u2019association en devenant l\u2019interm\u00e9diaire entre un producteur et les autres adh\u00e9rents. <br>Leur r\u00f4le est de mettre en place les contrats et\/ou commandes, de r\u00e9cup\u00e9rer les paiements, d&#8217;organiser les livraisons avec le producteur et surtout de communiquer avec lui.<\/p>\n\n\n\n<blockquote class=\"wp-block-quote is-layout-flow wp-block-quote-is-layout-flow\">\n<p>Si vous souhaitez devenir r\u00e9f\u00e9rent, contactez-nous, nous avons toujours besoin d&#8217;aide suppl\u00e9mentaire !<\/p>\n<cite>Bel\u00e9n Garcia Jimenez, pr\u00e9sidente de l&#8217;association<\/cite><\/blockquote>\n\n\n\n<p><strong>Quelques chiffres<\/strong><\/p>\n\n\n\n<ul class=\"wp-block-list\">\n<li>En 2017, notre association comptait <strong>59 familles<\/strong> adh\u00e9rentes et fonctionnait avec <strong>12 producteurs<\/strong>.<\/li>\n\n\n\n<li>En 2018, elle rassemble <strong>72 familles<\/strong> adh\u00e9rentes, 8 producteurs en AMAP et 8 producteurs en GAS, soit <strong>16 producteurs<\/strong>.<\/li>\n<\/ul>\n","protected":false},"excerpt":{"rendered":"<p>Notre Conseil d\u2019Administration est constitu\u00e9 par&nbsp;le bureau et les r\u00e9f\u00e9rents. Membres du bureau&nbsp;:&nbsp; Pr\u00e9sidente &nbsp;Bel\u00e9n GARCIA JIMENEZ Vice-pr\u00e9sident &nbsp;Jean-Fran\u00e7ois BAUDIN Secr\u00e9taire \u00a0Fr\u00e9d\u00e9rique NATU Tr\u00e9sorier \u00a0Herv\u00e9 RICHE Membres r\u00e9f\u00e9rents : &nbsp; Fruits \u00a0Sabrina GAILLARD L\u00e9gumes &nbsp;Nadia GERBER Pains Monique BERMOND Charcuterie<\/p>\n","protected":false},"author":1,"featured_media":0,"parent":0,"menu_order":0,"comment_status":"closed","ping_status":"closed","template":"","meta":{"footnotes":""},"class_list":["post-131","page","type-page","status-publish","hentry"],"_links":{"self":[{"href":"https:\/\/paniersirigny.fr\/index.php\/wp-json\/wp\/v2\/pages\/131","targetHints":{"allow":["GET"]}}],"collection":[{"href":"https:\/\/paniersirigny.fr\/index.php\/wp-json\/wp\/v2\/pages"}],"about":[{"href":"https:\/\/paniersirigny.fr\/index.php\/wp-json\/wp\/v2\/types\/page"}],"author":[{"embeddable":true,"href":"https:\/\/paniersirigny.fr\/index.php\/wp-json\/wp\/v2\/users\/1"}],"replies":[{"embeddable":true,"href":"https:\/\/paniersirigny.fr\/index.php\/wp-json\/wp\/v2\/comments?post=131"}],"version-history":[{"count":15,"href":"https:\/\/paniersirigny.fr\/index.php\/wp-json\/wp\/v2\/pages\/131\/revisions"}],"predecessor-version":[{"id":1207,"href":"https:\/\/paniersirigny.fr\/index.php\/wp-json\/wp\/v2\/pages\/131\/revisions\/1207"}],"wp:attachment":[{"href":"https:\/\/paniersirigny.fr\/index.php\/wp-json\/wp\/v2\/media?parent=131"}],"curies":[{"name":"wp","href":"https:\/\/api.w.org\/{rel}","templated":true}]}}