{"id":12,"date":"2019-07-23T16:17:14","date_gmt":"2019-07-23T14:17:14","guid":{"rendered":"http:\/\/paniersirigny.fr\/?page_id=12"},"modified":"2019-09-09T10:21:06","modified_gmt":"2019-09-09T08:21:06","slug":"adherer","status":"publish","type":"page","link":"https:\/\/paniersirigny.fr\/index.php\/adherer\/","title":{"rendered":"Adh\u00e9rer"},"content":{"rendered":"\n<figure class=\"wp-block-image\"><img loading=\"lazy\" decoding=\"async\" width=\"1024\" height=\"877\" src=\"http:\/\/paniersirigny.fr\/wp-content\/uploads\/2019\/07\/VISUEL_ADHERENTS-1024x877.jpg\" alt=\"\" class=\"wp-image-138\" srcset=\"https:\/\/paniersirigny.fr\/wp-content\/uploads\/2019\/07\/VISUEL_ADHERENTS-1024x877.jpg 1024w, https:\/\/paniersirigny.fr\/wp-content\/uploads\/2019\/07\/VISUEL_ADHERENTS-300x257.jpg 300w, https:\/\/paniersirigny.fr\/wp-content\/uploads\/2019\/07\/VISUEL_ADHERENTS-768x658.jpg 768w, https:\/\/paniersirigny.fr\/wp-content\/uploads\/2019\/07\/VISUEL_ADHERENTS.jpg 1134w\" sizes=\"auto, (max-width: 1024px) 100vw, 1024px\" \/><\/figure>\n\n\n\n<p>En adh\u00e9rant aux Paniers d\u2019Irigny, vous affirmez votre soutien \u00e0 notre d\u00e9marche de consommation locale et responsable. Cette adh\u00e9sion est valable pour une ann\u00e9e scolaire (de septembre \u00e0 ao\u00fbt). <br>Elle vous permet :<\/p>\n\n\n\n<ul class=\"wp-block-list\"><li>de devenir un <strong>adh\u00e9rent-consommateur<\/strong>. L\u2019adh\u00e9sion est obligatoire pour toutes les personnes qui souhaitent par la suite s\u2019abonner aux paniers ou participer aux achats group\u00e9s que nous proposons. <\/li><li>de participer aux d\u00e9cisions en Assembl\u00e9e G\u00e9n\u00e9rale<\/li><li>de devenir r\u00e9f\u00e9rent aupr\u00e8s d\u2019un de nos producteurs <\/li><li>de devenir un membre du bureau<\/li><\/ul>\n\n\n\n<p>En adh\u00e9rant, vous acceptez et vous vous engagez :<\/p>\n\n\n\n<ul class=\"wp-block-list\"><li>\u00e0 respecter <a href=\"http:\/\/paniersirigny.fr\/index.php\/reglement\/\">notre r\u00e8glement int\u00e9rieur<\/a><\/li><li>\u00e0 aider lors des distributions <strong>2 fois par an minimum<\/strong>. Un planning est d\u00e9fini pour assurer la distribution des paniers en fonction de la disponibilit\u00e9 de chacun des membres de l\u2019association.<\/li><\/ul>\n\n\n\n<p><strong>Comment adh\u00e9rer&nbsp;?<\/strong><\/p>\n\n\n\n<p>C\u2019est tr\u00e8s simple, il vous suffit\nde&nbsp;:<\/p>\n\n\n\n<ol class=\"wp-block-list\"><li><strong>Remplir un bulletin d\u2019adh\u00e9sion<\/strong> en renseignant vos nom, pr\u00e9nom, t\u00e9l\u00e9phone et adresse mail. Un&nbsp;bulletin d&#8217;adh\u00e9sion peut \u00eatre r\u00e9cup\u00e9r\u00e9 lors d\u2019une livraison ou t\u00e9l\u00e9charg\u00e9 en cliquant sur le lien suivant&nbsp;: <a href=\"http:\/\/paniersirigny.fr\/index.php\/documents-a-telecharger\/\">bulletin d\u2019adh\u00e9sion <\/a><\/li><li><strong>Payer sa cotisation<\/strong> en joignant au bulletin un ch\u00e8que d\u2019adh\u00e9sion de 22\u20ac pour l\u2019ann\u00e9e compl\u00e8te ou de 11\u20ac si vous adh\u00e9rer un cours d\u2019ann\u00e9e, \u00e0 l\u2019ordre des Paniers d\u2019Irigny. <\/li><li>Nous faire parvenir le bulletin d\u2019adh\u00e9sion accompagn\u00e9 du ch\u00e8que, soit directement lors d\u2019une livraison, soit en l\u2019adressant par courrier \u00e0 notre tr\u00e9sori\u00e8re.<\/li><\/ol>\n\n\n\n<p><strong>A quoi va servir la cotisation&nbsp;?<\/strong><\/p>\n\n\n\n<p>La cotisation permet de financer en grande partie le <a rel=\"noreferrer noopener\" aria-label=\" (s\u2019ouvre dans un nouvel onglet)\" href=\"https:\/\/amap-aura.org\/\" target=\"_blank\">r\u00e9seau des AMAP AURA<\/a> qui nous fournit des outils de gestion, d\u2019organisation et de communication. <br>La cotisation permet \u00e9galement le fonctionnement de l\u2019association Les Paniers d\u2019Irigny&nbsp;: frais bancaires, postaux, communication (site internet, flyers, stands\u2026)<\/p>\n","protected":false},"excerpt":{"rendered":"<p>En adh\u00e9rant aux Paniers d\u2019Irigny, vous affirmez votre soutien \u00e0 notre d\u00e9marche de consommation locale et responsable. Cette adh\u00e9sion est valable pour une ann\u00e9e scolaire (de septembre \u00e0 ao\u00fbt). Elle vous permet : de devenir un adh\u00e9rent-consommateur. L\u2019adh\u00e9sion est obligatoire<\/p>\n","protected":false},"author":1,"featured_media":0,"parent":0,"menu_order":0,"comment_status":"closed","ping_status":"closed","template":"","meta":{"footnotes":""},"class_list":["post-12","page","type-page","status-publish","hentry"],"_links":{"self":[{"href":"https:\/\/paniersirigny.fr\/index.php\/wp-json\/wp\/v2\/pages\/12","targetHints":{"allow":["GET"]}}],"collection":[{"href":"https:\/\/paniersirigny.fr\/index.php\/wp-json\/wp\/v2\/pages"}],"about":[{"href":"https:\/\/paniersirigny.fr\/index.php\/wp-json\/wp\/v2\/types\/page"}],"author":[{"embeddable":true,"href":"https:\/\/paniersirigny.fr\/index.php\/wp-json\/wp\/v2\/users\/1"}],"replies":[{"embeddable":true,"href":"https:\/\/paniersirigny.fr\/index.php\/wp-json\/wp\/v2\/comments?post=12"}],"version-history":[{"count":11,"href":"https:\/\/paniersirigny.fr\/index.php\/wp-json\/wp\/v2\/pages\/12\/revisions"}],"predecessor-version":[{"id":893,"href":"https:\/\/paniersirigny.fr\/index.php\/wp-json\/wp\/v2\/pages\/12\/revisions\/893"}],"wp:attachment":[{"href":"https:\/\/paniersirigny.fr\/index.php\/wp-json\/wp\/v2\/media?parent=12"}],"curies":[{"name":"wp","href":"https:\/\/api.w.org\/{rel}","templated":true}]}}